{"version":"1.0","provider_name":"Christos Doulkeridis","provider_url":"https:\/\/www.doulkeridis.be\/blog","author_name":"Christos Doulkeridis","author_url":"https:\/\/www.doulkeridis.be\/blog\/author\/christos\/","title":"\"Un tout nouveau virage \u00e0 n\u00e9gocier\" (LE SOIR) - Christos Doulkeridis","type":"rich","width":600,"height":338,"html":"<blockquote class=\"wp-embedded-content\" data-secret=\"6os4eVWQ9I\"><a href=\"https:\/\/www.doulkeridis.be\/blog\/2009\/08\/05\/un-tout-nouveau-virage-a-negocier-le-soir\/\">\u00ab\u00a0Un tout nouveau virage \u00e0 n\u00e9gocier\u00a0\u00bb (LE SOIR)<\/a><\/blockquote><iframe sandbox=\"allow-scripts\" security=\"restricted\" src=\"https:\/\/www.doulkeridis.be\/blog\/2009\/08\/05\/un-tout-nouveau-virage-a-negocier-le-soir\/embed\/#?secret=6os4eVWQ9I\" width=\"600\" height=\"338\" title=\"\u00ab\u00a0\u00ab\u00a0Un tout nouveau virage \u00e0 n\u00e9gocier\u00a0\u00bb (LE SOIR)\u00a0\u00bb &#8212; Christos Doulkeridis\" data-secret=\"6os4eVWQ9I\" frameborder=\"0\" marginwidth=\"0\" marginheight=\"0\" scrolling=\"no\" class=\"wp-embedded-content\"><\/iframe><script type=\"text\/javascript\">\n\/* <![CDATA[ *\/\n\/*! This file is auto-generated *\/\n!function(d,l){\"use strict\";l.querySelector&&d.addEventListener&&\"undefined\"!=typeof URL&&(d.wp=d.wp||{},d.wp.receiveEmbedMessage||(d.wp.receiveEmbedMessage=function(e){var t=e.data;if((t||t.secret||t.message||t.value)&&!\/[^a-zA-Z0-9]\/.test(t.secret)){for(var s,r,n,a=l.querySelectorAll('iframe[data-secret=\"'+t.secret+'\"]'),o=l.querySelectorAll('blockquote[data-secret=\"'+t.secret+'\"]'),c=new RegExp(\"^https?:$\",\"i\"),i=0;i<o.length;i++)o[i].style.display=\"none\";for(i=0;i<a.length;i++)s=a[i],e.source===s.contentWindow&&(s.removeAttribute(\"style\"),\"height\"===t.message?(1e3<(r=parseInt(t.value,10))?r=1e3:~~r<200&&(r=200),s.height=r):\"link\"===t.message&&(r=new URL(s.getAttribute(\"src\")),n=new URL(t.value),c.test(n.protocol))&&n.host===r.host&&l.activeElement===s&&(d.top.location.href=t.value))}},d.addEventListener(\"message\",d.wp.receiveEmbedMessage,!1),l.addEventListener(\"DOMContentLoaded\",function(){for(var e,t,s=l.querySelectorAll(\"iframe.wp-embedded-content\"),r=0;r<s.length;r++)(t=(e=s[r]).getAttribute(\"data-secret\"))||(t=Math.random().toString(36).substring(2,12),e.src+=\"#?secret=\"+t,e.setAttribute(\"data-secret\",t)),e.contentWindow.postMessage({message:\"ready\",secret:t},\"*\")},!1)))}(window,document);\n\/\/# sourceURL=https:\/\/www.doulkeridis.be\/blog\/wp-includes\/js\/wp-embed.min.js\n\/* ]]> *\/\n<\/script>\n","description":"Au cours de cet \u00e9t\u00e9, Le Soir a dress\u00e9 le portrait des nouveaux ministres dans les diff\u00e9rents gouvernements r\u00e9gionaux et des pr\u00e9sidents de Parlement. Ce mercredi 4 ao\u00fbt, je cl\u00f4turais la s\u00e9rie de ces 7 portraits. Vous trouverez ci-dessous l\u2019article \u00e9crit par Patrice Leprince. Boulevard du R\u00e9gent, au centre de Bruxelles. A l\u2019entr\u00e9e du minist\u00e8re, les marteaux-piqueurs d\u00e9chirent les oreilles &#8211; ainsi qu\u2019une partie du hall d\u2019entr\u00e9e. Deux \u00e9tages plus haut, dans le bureau d\u00e9sert\u00e9 par Fran\u00e7oise Dupuis (PS), Christos Doulkeridis a pris ses quartiers. Loin du vacarme. \u00ab\u00a0Il para\u00eet qu\u2019on rehausse le rez-de-chauss\u00e9e, inond\u00e9 lors de chaque \u00ab\u00a0visite\u201d des pompiers.\u00a0\u00bb \u00c7a tombe bien, le secr\u00e9taire d\u2019Etat bruxellois au Logement sera aussi en charge du bouillant service d\u2019Incendie et d\u2019Aide m\u00e9dicale urgente. Sur le feu, un cadre linguistique en rade et un recours assur\u00e9 pour chaque tentative de nomination. Tensions sociales en vue. En cas de coup dur, Christos Doulkeridis pourra toujours emprunter deux ou trois plots de b\u00e9ton \u00e0 l\u2019ambassade am\u00e9ricaine voisine&#8230; \u00ab\u00a0J\u2019esp\u00e8re que je serai arros\u00e9 moins vite que mes pr\u00e9d\u00e9cesseurs, sourit-il. Pompier, c\u2019est la s\u00e9curit\u00e9, la vie, un m\u00e9tier qui figure parmi les plus appr\u00e9ci\u00e9s des Belges, et pas seulement \u00e0 cause du fantasme de l\u2019uniforme. Nos [&hellip;]"}