{"version":"1.0","provider_name":"Christos Doulkeridis","provider_url":"https:\/\/www.doulkeridis.be\/blog","author_name":"Christos Doulkeridis","author_url":"https:\/\/www.doulkeridis.be\/blog\/author\/christos\/","title":"La solidarit\u00e9 inter-francophones, c'est du concret ! - Christos Doulkeridis","type":"rich","width":600,"height":338,"html":"<blockquote class=\"wp-embedded-content\" data-secret=\"qiG1wET4QD\"><a href=\"https:\/\/www.doulkeridis.be\/blog\/2010\/10\/29\/oui-la-solidarite-inter-francophones-existe\/\">La solidarit\u00e9 inter-francophones, c&rsquo;est du concret !<\/a><\/blockquote><iframe sandbox=\"allow-scripts\" security=\"restricted\" src=\"https:\/\/www.doulkeridis.be\/blog\/2010\/10\/29\/oui-la-solidarite-inter-francophones-existe\/embed\/#?secret=qiG1wET4QD\" width=\"600\" height=\"338\" title=\"\u00ab\u00a0La solidarit\u00e9 inter-francophones, c&rsquo;est du concret !\u00a0\u00bb &#8212; Christos Doulkeridis\" data-secret=\"qiG1wET4QD\" frameborder=\"0\" marginwidth=\"0\" marginheight=\"0\" scrolling=\"no\" class=\"wp-embedded-content\"><\/iframe><script type=\"text\/javascript\">\n\/* <![CDATA[ *\/\n\/*! This file is auto-generated *\/\n!function(d,l){\"use strict\";l.querySelector&&d.addEventListener&&\"undefined\"!=typeof URL&&(d.wp=d.wp||{},d.wp.receiveEmbedMessage||(d.wp.receiveEmbedMessage=function(e){var t=e.data;if((t||t.secret||t.message||t.value)&&!\/[^a-zA-Z0-9]\/.test(t.secret)){for(var s,r,n,a=l.querySelectorAll('iframe[data-secret=\"'+t.secret+'\"]'),o=l.querySelectorAll('blockquote[data-secret=\"'+t.secret+'\"]'),c=new RegExp(\"^https?:$\",\"i\"),i=0;i<o.length;i++)o[i].style.display=\"none\";for(i=0;i<a.length;i++)s=a[i],e.source===s.contentWindow&&(s.removeAttribute(\"style\"),\"height\"===t.message?(1e3<(r=parseInt(t.value,10))?r=1e3:~~r<200&&(r=200),s.height=r):\"link\"===t.message&&(r=new URL(s.getAttribute(\"src\")),n=new URL(t.value),c.test(n.protocol))&&n.host===r.host&&l.activeElement===s&&(d.top.location.href=t.value))}},d.addEventListener(\"message\",d.wp.receiveEmbedMessage,!1),l.addEventListener(\"DOMContentLoaded\",function(){for(var e,t,s=l.querySelectorAll(\"iframe.wp-embedded-content\"),r=0;r<s.length;r++)(t=(e=s[r]).getAttribute(\"data-secret\"))||(t=Math.random().toString(36).substring(2,12),e.src+=\"#?secret=\"+t,e.setAttribute(\"data-secret\",t)),e.contentWindow.postMessage({message:\"ready\",secret:t},\"*\")},!1)))}(window,document);\n\/\/# sourceURL=https:\/\/www.doulkeridis.be\/blog\/wp-includes\/js\/wp-embed.min.js\n\/* ]]> *\/\n<\/script>\n","description":"Le Gouvernement Conjoint Inter-francophones s&rsquo;est r\u00e9uni pour la 3e fois cette\u00a0\u00a0 ann\u00e9e autour d&rsquo;un menu copieux : solidarit\u00e9 Wallonie-Bruxelles, boom d\u00e9mographique (b\u00e2timents scolaires et accueil de la petite enfance), non-marchand, culture, sant\u00e9, fonction publique. Des probl\u00e9matiques qui touchent directement les Bruxellois francophones. Budget Le Gouvernement conjoint a act\u00e9 le renouvellement de la dotation de solidarit\u00e9 de la Communaut\u00e9 Fran\u00e7aise \u00e0 l&rsquo;\u00e9gard de la Cocof \u00e0 hauteur de 12,5 millions d&rsquo;euros. Non-marchand Suite aux montants d\u00e9gag\u00e9s pour le secteur non-marchand, \u00e0 l&rsquo;ajustement des budgets de la Communaut\u00e9 fran\u00e7aise et de la R\u00e9gion wallonne, dont une partie (1 mio EUR) a \u00e9t\u00e9 affect\u00e9 \u00e0 la Commission communautaire fran\u00e7aise dans le cadre de la solidarit\u00e9 inter-francophones, une n\u00e9gociation tripartite avec les partenaires sociaux est en cours pour d\u00e9gager un accord (la premi\u00e8re r\u00e9union de concertation pour le non-marchand Cocof est pr\u00e9vue ce vendredi 29\/10). Le gouvernement conjoint a convenu que les mesures qui seraient envisag\u00e9es dans chacune des entit\u00e9s ne cr\u00e9eraient pas de distorsion suppl\u00e9mentaire des statuts des travailleurs de ce secteur entre les entit\u00e9s francophones (harmonisation des statuts).","thumbnail_url":"http:\/\/www.doulkeridis.be\/blog\/wp-content\/uploads\/2010\/10\/GVT-Conjoint-28-octobre-2010-020_site.jpg"}