{"version":"1.0","provider_name":"Christos Doulkeridis","provider_url":"https:\/\/www.doulkeridis.be\/blog","author_name":"Christos Doulkeridis","author_url":"https:\/\/www.doulkeridis.be\/blog\/author\/christos\/","title":"Derri\u00e8re les fourneaux pour soutenir le T\u00e9l\u00e9vie - Christos Doulkeridis","type":"rich","width":600,"height":338,"html":"<blockquote class=\"wp-embedded-content\" data-secret=\"1jOOyrHJHN\"><a href=\"https:\/\/www.doulkeridis.be\/blog\/2013\/04\/15\/derriere-les-fourneaux-pour-soutenir-le-televie\/\">Derri\u00e8re les fourneaux pour soutenir le T\u00e9l\u00e9vie<\/a><\/blockquote><iframe sandbox=\"allow-scripts\" security=\"restricted\" src=\"https:\/\/www.doulkeridis.be\/blog\/2013\/04\/15\/derriere-les-fourneaux-pour-soutenir-le-televie\/embed\/#?secret=1jOOyrHJHN\" width=\"600\" height=\"338\" title=\"\u00ab\u00a0Derri\u00e8re les fourneaux pour soutenir le T\u00e9l\u00e9vie\u00a0\u00bb &#8212; Christos Doulkeridis\" data-secret=\"1jOOyrHJHN\" frameborder=\"0\" marginwidth=\"0\" marginheight=\"0\" scrolling=\"no\" class=\"wp-embedded-content\"><\/iframe><script type=\"text\/javascript\">\n\/* <![CDATA[ *\/\n\/*! This file is auto-generated *\/\n!function(d,l){\"use strict\";l.querySelector&&d.addEventListener&&\"undefined\"!=typeof URL&&(d.wp=d.wp||{},d.wp.receiveEmbedMessage||(d.wp.receiveEmbedMessage=function(e){var t=e.data;if((t||t.secret||t.message||t.value)&&!\/[^a-zA-Z0-9]\/.test(t.secret)){for(var s,r,n,a=l.querySelectorAll('iframe[data-secret=\"'+t.secret+'\"]'),o=l.querySelectorAll('blockquote[data-secret=\"'+t.secret+'\"]'),c=new RegExp(\"^https?:$\",\"i\"),i=0;i<o.length;i++)o[i].style.display=\"none\";for(i=0;i<a.length;i++)s=a[i],e.source===s.contentWindow&&(s.removeAttribute(\"style\"),\"height\"===t.message?(1e3<(r=parseInt(t.value,10))?r=1e3:~~r<200&&(r=200),s.height=r):\"link\"===t.message&&(r=new URL(s.getAttribute(\"src\")),n=new URL(t.value),c.test(n.protocol))&&n.host===r.host&&l.activeElement===s&&(d.top.location.href=t.value))}},d.addEventListener(\"message\",d.wp.receiveEmbedMessage,!1),l.addEventListener(\"DOMContentLoaded\",function(){for(var e,t,s=l.querySelectorAll(\"iframe.wp-embedded-content\"),r=0;r<s.length;r++)(t=(e=s[r]).getAttribute(\"data-secret\"))||(t=Math.random().toString(36).substring(2,12),e.src+=\"#?secret=\"+t,e.setAttribute(\"data-secret\",t)),e.contentWindow.postMessage({message:\"ready\",secret:t},\"*\")},!1)))}(window,document);\n\/\/# sourceURL=https:\/\/www.doulkeridis.be\/blog\/wp-includes\/js\/wp-embed.min.js\n\/* ]]> *\/\n<\/script>\n","thumbnail_url":"https:\/\/www.doulkeridis.be\/blog\/wp-content\/uploads\/2013\/04\/IMG_1261.jpg","thumbnail_width":640,"thumbnail_height":480,"description":"&nbsp; Pour le plaisir des papilles mais aussi pour soutenir le T\u00e9l\u00e9vie, je me suis retrouv\u00e9 hier derri\u00e8re les fourneaux avec une \u00e9quipe de top chefs pas comme les autres. Entour\u00e9 de Christine Defraigne, Muriel Targnion, Maxime Pr\u00e9vot et Olivier Maingain, j&rsquo;ai eu le plaisir de participer \u00e0 une initiative tr\u00e8s sympathique de RTL TVI dans le cadre des 25 ans du T\u00e9l\u00e9vie. Le temps d&rsquo;une soir\u00e9e, mes coll\u00e8gues femmes et hommes politiques et moi-m\u00eame avons pris place dans l&rsquo;atelier d&rsquo;Yves Matagne pour participer \u00e0 une version revisit\u00e9e de la c\u00e9l\u00e8bre \u00e9mission Top Chef. Cinq pr\u00e9sidents de parti second\u00e9s par une \u00e9quipe de chefs issus d&rsquo;autres formations politiques ont mijot\u00e9s des petits plats pour la grande cause. Nous avions trois heures pour r\u00e9aliser un menu gastronomique complet pour 150 g\u00e9n\u00e9reux convives qui a permis de r\u00e9colter des dons pour la recherche contre le cancer et la leuc\u00e9mie. C&rsquo;est donc pour la bonne cause que j&rsquo;ai enfil\u00e9 mon tablier afin de pr\u00e9parer des mets succulents sous le regard vigilant d&rsquo;Yves Matagne, Thierry Marx, Sabrina Jacobs et St\u00e9phane Rottenberg. Vous pourrez d\u00e9couvrir de larges extraits de cette excellente initiative le 20 avril sur RTL TVI."}