{"version":"1.0","provider_name":"Christos Doulkeridis","provider_url":"https:\/\/www.doulkeridis.be\/blog","author_name":"Christos Doulkeridis","author_url":"https:\/\/www.doulkeridis.be\/blog\/author\/christos\/","title":"Mieux r\u00e9mun\u00e9rer les artistes de nos s\u00e9ries belges - Christos Doulkeridis","type":"rich","width":600,"height":338,"html":"<blockquote class=\"wp-embedded-content\" data-secret=\"1nt3figYtD\"><a href=\"https:\/\/www.doulkeridis.be\/blog\/2016\/10\/19\/mieux-remunerer-les-artistes-de-nos-series-belges\/\">Mieux r\u00e9mun\u00e9rer les artistes de nos s\u00e9ries belges<\/a><\/blockquote><iframe sandbox=\"allow-scripts\" security=\"restricted\" src=\"https:\/\/www.doulkeridis.be\/blog\/2016\/10\/19\/mieux-remunerer-les-artistes-de-nos-series-belges\/embed\/#?secret=1nt3figYtD\" width=\"600\" height=\"338\" title=\"\u00ab\u00a0Mieux r\u00e9mun\u00e9rer les artistes de nos s\u00e9ries belges\u00a0\u00bb &#8212; Christos Doulkeridis\" data-secret=\"1nt3figYtD\" frameborder=\"0\" marginwidth=\"0\" marginheight=\"0\" scrolling=\"no\" class=\"wp-embedded-content\"><\/iframe><script type=\"text\/javascript\">\n\/* <![CDATA[ *\/\n\/*! This file is auto-generated *\/\n!function(d,l){\"use strict\";l.querySelector&&d.addEventListener&&\"undefined\"!=typeof URL&&(d.wp=d.wp||{},d.wp.receiveEmbedMessage||(d.wp.receiveEmbedMessage=function(e){var t=e.data;if((t||t.secret||t.message||t.value)&&!\/[^a-zA-Z0-9]\/.test(t.secret)){for(var s,r,n,a=l.querySelectorAll('iframe[data-secret=\"'+t.secret+'\"]'),o=l.querySelectorAll('blockquote[data-secret=\"'+t.secret+'\"]'),c=new RegExp(\"^https?:$\",\"i\"),i=0;i<o.length;i++)o[i].style.display=\"none\";for(i=0;i<a.length;i++)s=a[i],e.source===s.contentWindow&&(s.removeAttribute(\"style\"),\"height\"===t.message?(1e3<(r=parseInt(t.value,10))?r=1e3:~~r<200&&(r=200),s.height=r):\"link\"===t.message&&(r=new URL(s.getAttribute(\"src\")),n=new URL(t.value),c.test(n.protocol))&&n.host===r.host&&l.activeElement===s&&(d.top.location.href=t.value))}},d.addEventListener(\"message\",d.wp.receiveEmbedMessage,!1),l.addEventListener(\"DOMContentLoaded\",function(){for(var e,t,s=l.querySelectorAll(\"iframe.wp-embedded-content\"),r=0;r<s.length;r++)(t=(e=s[r]).getAttribute(\"data-secret\"))||(t=Math.random().toString(36).substring(2,12),e.src+=\"#?secret=\"+t,e.setAttribute(\"data-secret\",t)),e.contentWindow.postMessage({message:\"ready\",secret:t},\"*\")},!1)))}(window,document);\n\/\/# sourceURL=https:\/\/www.doulkeridis.be\/blog\/wp-includes\/js\/wp-embed.min.js\n\/* ]]> *\/\n<\/script>\n","thumbnail_url":"https:\/\/www.doulkeridis.be\/blog\/wp-content\/uploads\/2016\/10\/la-treve-tournage.png","thumbnail_width":582,"thumbnail_height":338,"description":"Intervenant r\u00e9guli\u00e8rement au sujet des conditions de travail et de r\u00e9mun\u00e9ration des professionnels qui travaillent sur les s\u00e9ries belges, j&rsquo;ai cette semaine relay\u00e9 les critiques l\u00e9gitimes \u00e9mises par les professionnels qui contribuent \u00e0 leur succ\u00e8s, plus sp\u00e9cifiquement \u00e0 propos de la r\u00e9mun\u00e9ration des artistes et du nombre de jours de tournage pr\u00e9vus. Ces conditions sont en effet bien en de\u00e7\u00e0 de celles qui ont cours en Flandre et chez nos voisins.\u00a0Cet \u00e9tat de fait n&rsquo;est d&rsquo;ailleurs pas contest\u00e9, vu le nouvel accord qui serait intervenu cet \u00e9t\u00e9 pour revoir \u00e0 la hausse les plafonds des budgets de production des s\u00e9ries, que ce soit pour une premi\u00e8re ou une deuxi\u00e8me saison. Je rappelais aussi \u00e0 cette occasion la logique dans laquelle doit s&rsquo;inscrire le soutien apport\u00e9 par la F\u00e9d\u00e9ration, qui est celle de l&rsquo;aide aux m\u00e9tiers artistiques et non celle de \u00ab\u00a0produit\u00a0\u00bb financier t\u00e9l\u00e9visuel.\u00a0 M. Christos Doulkeridis (Ecolo). \u2013 Je vous interpelle r\u00e9guli\u00e8rement sur les conditions de travail et les r\u00e9mun\u00e9rations des professionnels qui travaillent sur les s\u00e9ries que produisent conjointement la F\u00e9d\u00e9ration Wallonie-Bruxelles et la RTBF. Si nous partageons tous l\u2019enthousiasme suscit\u00e9 par la qualit\u00e9 des premi\u00e8res s\u00e9ries diffus\u00e9es, je ne manquerai pas pour autant de relayer les critiques l\u00e9gitimes [&hellip;]"}