{"version":"1.0","provider_name":"Christos Doulkeridis","provider_url":"https:\/\/www.doulkeridis.be\/blog","author_name":"Christos Doulkeridis","author_url":"https:\/\/www.doulkeridis.be\/blog\/author\/christos\/","title":"Cantines scolaires: bient\u00f4t une alternative v\u00e9g\u00e9tarienne quotidienne - Christos Doulkeridis","type":"rich","width":600,"height":338,"html":"<blockquote class=\"wp-embedded-content\" data-secret=\"WLhi1vVpwC\"><a href=\"https:\/\/www.doulkeridis.be\/blog\/2018\/02\/21\/des-plats-vegetariens-dans-les-cantines-scolaires\/\">Cantines scolaires: bient\u00f4t une alternative v\u00e9g\u00e9tarienne quotidienne<\/a><\/blockquote><iframe sandbox=\"allow-scripts\" security=\"restricted\" src=\"https:\/\/www.doulkeridis.be\/blog\/2018\/02\/21\/des-plats-vegetariens-dans-les-cantines-scolaires\/embed\/#?secret=WLhi1vVpwC\" width=\"600\" height=\"338\" title=\"\u00ab\u00a0Cantines scolaires: bient\u00f4t une alternative v\u00e9g\u00e9tarienne quotidienne\u00a0\u00bb &#8212; Christos Doulkeridis\" data-secret=\"WLhi1vVpwC\" frameborder=\"0\" marginwidth=\"0\" marginheight=\"0\" scrolling=\"no\" class=\"wp-embedded-content\"><\/iframe><script type=\"text\/javascript\">\n\/* <![CDATA[ *\/\n\/*! This file is auto-generated *\/\n!function(d,l){\"use strict\";l.querySelector&&d.addEventListener&&\"undefined\"!=typeof URL&&(d.wp=d.wp||{},d.wp.receiveEmbedMessage||(d.wp.receiveEmbedMessage=function(e){var t=e.data;if((t||t.secret||t.message||t.value)&&!\/[^a-zA-Z0-9]\/.test(t.secret)){for(var s,r,n,a=l.querySelectorAll('iframe[data-secret=\"'+t.secret+'\"]'),o=l.querySelectorAll('blockquote[data-secret=\"'+t.secret+'\"]'),c=new RegExp(\"^https?:$\",\"i\"),i=0;i<o.length;i++)o[i].style.display=\"none\";for(i=0;i<a.length;i++)s=a[i],e.source===s.contentWindow&&(s.removeAttribute(\"style\"),\"height\"===t.message?(1e3<(r=parseInt(t.value,10))?r=1e3:~~r<200&&(r=200),s.height=r):\"link\"===t.message&&(r=new URL(s.getAttribute(\"src\")),n=new URL(t.value),c.test(n.protocol))&&n.host===r.host&&l.activeElement===s&&(d.top.location.href=t.value))}},d.addEventListener(\"message\",d.wp.receiveEmbedMessage,!1),l.addEventListener(\"DOMContentLoaded\",function(){for(var e,t,s=l.querySelectorAll(\"iframe.wp-embedded-content\"),r=0;r<s.length;r++)(t=(e=s[r]).getAttribute(\"data-secret\"))||(t=Math.random().toString(36).substring(2,12),e.src+=\"#?secret=\"+t,e.setAttribute(\"data-secret\",t)),e.contentWindow.postMessage({message:\"ready\",secret:t},\"*\")},!1)))}(window,document);\n\/\/# sourceURL=https:\/\/www.doulkeridis.be\/blog\/wp-includes\/js\/wp-embed.min.js\n\/* ]]> *\/\n<\/script>\n","thumbnail_url":"https:\/\/www.doulkeridis.be\/blog\/wp-content\/uploads\/2018\/02\/cantine-scolaire-enfants-1_5659435-1030x579.jpg","thumbnail_width":1030,"thumbnail_height":579,"description":"Le parlement de la F\u00e9d\u00e9ration Wallonie-Bruxelles a vot\u00e9 ce mercredi 21 f\u00e9vrier une r\u00e9solution demandant au gouvernement de prendre toutes les mesures permettant d&rsquo;offrir \u00e0 courte \u00e9ch\u00e9ance un repas alternatif v\u00e9g\u00e9tarien, \u00e9quilibr\u00e9, sain et abordable dans nos cantines scolaires. Nous avons soutenu avec enthousiasme ce texte vot\u00e9 avec le PS, le CDh et D\u00e9fi.\u00a0Nous ne cessons de le r\u00e9p\u00e9ter depuis des ann\u00e9es : l&rsquo;alimentation, et plus particuli\u00e8rement celle de nos enfants, doit \u00eatre une priorit\u00e9. Le r\u00f4le des cantines scolaires est extr\u00eamement important et rel\u00e8ve d&rsquo;une mission politique. Nous avons donc men\u00e9 une r\u00e9flexion bien plus large et globale sur une logique de transition \u00e9cologique de l&rsquo;alimentation et nous avons d\u00e9pos\u00e9 une proposition de r\u00e9solution argument\u00e9e bien plus compl\u00e8te afin d&rsquo;indiquer au gouvernement le chemin et la direction qu&rsquo;il convient de prendre en collaboration avec les R\u00e9gions. Cette proposition propose d\u2019offrir \u00e0 courte \u00e9ch\u00e9ance dans l\u2019ensemble des cantines scolaires de la F\u00e9d\u00e9ration Wallonie-Bruxelles des repas biologiques et abordables issus de circuits courts ainsi qu&rsquo;une alternative quotidienne v\u00e9g\u00e9tarienne. J&rsquo;invitais \u00e9galement hier mes coll\u00e8gues parlementaires \u00e0 discuter ensemble de cette proposition de r\u00e9solution en commissions d\u00e8s les prochaines semaines et je sugg\u00e9rais la constitution d&rsquo;un groupe de travail afin de mener une [&hellip;]"}